{"id":136,"date":"2025-08-20T17:57:59","date_gmt":"2025-08-20T15:57:59","guid":{"rendered":"https:\/\/chronoliths.com\/a-propos-du-projet\/"},"modified":"2026-04-15T14:30:05","modified_gmt":"2026-04-15T12:30:05","slug":"a-propos-du-projet","status":"publish","type":"page","link":"https:\/\/chronoliths.com\/fr\/a-propos-du-projet\/","title":{"rendered":"\u00c0 propos du projet"},"content":{"rendered":"\n<div class=\"wp-block-group is-layout-flow wp-block-group-is-layout-flow\">\n<h2 class=\"wp-block-heading\">\u00c0 propos du projet<\/h2>\n\n\n\n<p><em>Chronoliths<\/em> est un projet fa\u00e7onn\u00e9 autour de l\u2019absence.<\/p>\n\n\n\n<p>Huit objets en gr\u00e8s noir \u2014 taill\u00e9s avec une lame pal\u00e9olithique, grav\u00e9s de symboles de l\u2019\u00e2ge de glace \u2014 semblent surgir d\u2019une autre \u00e9poque. Ce ne sont pas des artefacts, mais ils se comportent comme tels : muets, ambigus, irr\u00e9solus.<\/p>\n\n\n\n<figure class=\"wp-block-image aligncenter size-full is-resized\"><img decoding=\"async\" src=\"https:\/\/chronoliths.com\/wp-content\/uploads\/2025\/09\/closecrop_1.png\" alt=\"\" class=\"wp-image-115\" style=\"width:458px;height:auto\"\/><figcaption class=\"wp-element-caption\">D\u00e9tail, Chronolith 1. 21,6 \u00d7 8 cm.<\/figcaption><\/figure>\n\n\n\n<p>Tout ce qui les entoure \u2014 documents, sons, fragments \u2014 ne fait qu\u2019accentuer le silence. Il n\u2019y a pas de r\u00e9cit d\u00e9finitif ici, aucune explication. Au lieu de cela, l\u2019\u0153uvre ouvre un espace \u00e0 la sp\u00e9culation, \u00e0 l\u2019impulsion humaine d\u2019interpr\u00e9ter, de relier, d\u2019inventer un sens l\u00e0 o\u00f9 aucun n\u2019est donn\u00e9.<\/p>\n\n\n\n<p class=\"has-text-align-left\">Premi\u00e8re exposition : 2026.<\/p>\n\n\n\n<div style=\"height:50px\" aria-hidden=\"true\" class=\"wp-block-spacer\"><\/div>\n\n\n\n<h5 class=\"wp-block-heading\">Pour en savoir plus&#8230;<\/h5>\n\n\n\n<p>Explorateurs \/ archivistes \/ passionn\u00e9s : <a href=\"https:\/\/chronolithsdispatches.substack.com\">ici<\/a><\/p>\n\n\n\n<p>Presse \/ visites d\u2019atelier : <a href=\"mailto:pr@chronoliths.com\">pr@chronoliths.com<\/a><\/p>\n<\/div>\n\n<p><\/p>\n","protected":false},"excerpt":{"rendered":"<p>\u00c0 propos du projet Chronoliths est un projet fa\u00e7onn\u00e9 autour de l\u2019absence. Huit objets en gr\u00e8s noir \u2014 taill\u00e9s avec une lame pal\u00e9olithique, grav\u00e9s de symboles de l\u2019\u00e2ge de glace \u2014 semblent surgir d\u2019une autre \u00e9poque. Ce ne sont pas des artefacts, mais ils se comportent comme tels : muets, ambigus, irr\u00e9solus. Tout ce qui [&hellip;]<\/p>\n","protected":false},"author":1,"featured_media":0,"parent":0,"menu_order":0,"comment_status":"closed","ping_status":"closed","template":"","meta":{"footnotes":""},"class_list":["post-136","page","type-page","status-publish","hentry"],"_links":{"self":[{"href":"https:\/\/chronoliths.com\/fr\/wp-json\/wp\/v2\/pages\/136","targetHints":{"allow":["GET"]}}],"collection":[{"href":"https:\/\/chronoliths.com\/fr\/wp-json\/wp\/v2\/pages"}],"about":[{"href":"https:\/\/chronoliths.com\/fr\/wp-json\/wp\/v2\/types\/page"}],"author":[{"embeddable":true,"href":"https:\/\/chronoliths.com\/fr\/wp-json\/wp\/v2\/users\/1"}],"replies":[{"embeddable":true,"href":"https:\/\/chronoliths.com\/fr\/wp-json\/wp\/v2\/comments?post=136"}],"version-history":[{"count":1,"href":"https:\/\/chronoliths.com\/fr\/wp-json\/wp\/v2\/pages\/136\/revisions"}],"predecessor-version":[{"id":138,"href":"https:\/\/chronoliths.com\/fr\/wp-json\/wp\/v2\/pages\/136\/revisions\/138"}],"wp:attachment":[{"href":"https:\/\/chronoliths.com\/fr\/wp-json\/wp\/v2\/media?parent=136"}],"curies":[{"name":"wp","href":"https:\/\/api.w.org\/{rel}","templated":true}]}}